{"id":3303,"date":"2017-08-10T18:00:19","date_gmt":"2017-08-10T22:00:19","guid":{"rendered":"https:\/\/www.nahuelcura.cl\/?page_id=3303"},"modified":"2017-08-10T18:02:00","modified_gmt":"2017-08-10T22:02:00","slug":"orientacion-vocacional","status":"publish","type":"page","link":"https:\/\/www.colegionahuelcura.cl\/?page_id=3303","title":{"rendered":"Orientaci\u00f3n Vocacional"},"content":{"rendered":"<p>Acompa\u00f1ando el trabajo de fichas de Proyecto Vital de nuestro programa sello Dimensiones Formativas, se aplicar\u00e1 un material especialmente dise\u00f1ado desde 7\u00ba b\u00e1sico y hasta 2\u00ba medio, con el fin de que nuestros estudiantes puedan comenzar a reflexionar en torno a sus habilidades y capacidades personales, adem\u00e1s de adentrarse en la importancia de distintos aspectos, temas y requisitos necesarios para ingresar a la educaci\u00f3n superior.<\/p>\n<p>El \u00e9nfasis del colegio estar\u00e1 en estimular el desaf\u00edo de ingresar a carreras de tipo universitaria, por lo que ser\u00e1 una tarea permanente de nuestros docentes estimular h\u00e1bitos de estudios que permitan tener un NEM (notas de ense\u00f1anza media) que abran posibilidades a instituciones prestigiosas de todo el pa\u00eds.<\/p>\n<p>Actividades a Realizar:<\/p>\n<p>7\u00ba b\u00e1sico<\/p>\n<p>Aplicaci\u00f3n de 9 fichas centradas en autoconocimiento, conocimiento del grupo curso, autoimagen acad\u00e9mica, intereses personales y su vinculaci\u00f3n con asignaturas escolares<\/p>\n<table>\n<tbody>\n<tr>\n<td width=\"73\">Sesi\u00f3n<\/td>\n<td width=\"501\">T\u00edtulo<\/td>\n<\/tr>\n<tr>\n<td width=\"73\">1<\/td>\n<td width=\"501\">Carta a m\u00ed mismo<\/td>\n<\/tr>\n<tr>\n<td width=\"73\">2<\/td>\n<td width=\"501\">Afiancemos nuestros lazos<\/td>\n<\/tr>\n<tr>\n<td width=\"73\">3<\/td>\n<td width=\"501\">Mis habilidades<\/td>\n<\/tr>\n<tr>\n<td width=\"73\">4<\/td>\n<td width=\"501\">Autodependencia<\/td>\n<\/tr>\n<tr>\n<td width=\"73\">5<\/td>\n<td width=\"501\">\u00bfMe valoro? Aplicaci\u00f3n de test de autoconcepto<\/td>\n<\/tr>\n<tr>\n<td width=\"73\">6<\/td>\n<td width=\"501\">\u00bfQu\u00e9 valoro de m\u00ed? Revisi\u00f3n resultados de test de autoconcepto<\/td>\n<\/tr>\n<tr>\n<td width=\"73\">7<\/td>\n<td width=\"501\">\u00bfC\u00f3mo crecer?<\/td>\n<\/tr>\n<tr>\n<td width=\"73\">8<\/td>\n<td width=\"501\">Present\u00e1ndome al grupo<\/td>\n<\/tr>\n<tr>\n<td width=\"73\">9<\/td>\n<td width=\"501\">Mis Intereses, \u00e1reas y asignaturas afines<\/td>\n<\/tr>\n<\/tbody>\n<\/table>\n<p><strong>&nbsp;<\/strong><\/p>\n<p>8\u00ba b\u00e1sico<\/p>\n<p>Aplicaci\u00f3n de 11 fichas centradas en conocimiento de conceptos claves sobre el ingreso a carreras universitarias, importancia del NEM, autoconocimiento y proyecci\u00f3n a futuro.<\/p>\n<table>\n<tbody>\n<tr>\n<td width=\"73\">Sesi\u00f3n<\/td>\n<td width=\"576\">T\u00edtulo<\/td>\n<\/tr>\n<tr>\n<td width=\"73\">1<\/td>\n<td width=\"576\">Elaboro mi sue\u00f1o personal<\/td>\n<\/tr>\n<tr>\n<td width=\"73\">2<\/td>\n<td width=\"576\">Como me supero a m\u00ed mismo *<\/td>\n<\/tr>\n<tr>\n<td width=\"73\">3<\/td>\n<td width=\"576\">\u00bfQu\u00e9 son el NEM y el Ranking de notas?<\/td>\n<\/tr>\n<tr>\n<td width=\"73\">4<\/td>\n<td width=\"576\">\u00bfCu\u00e1les son los conceptos claves para entender una carrera universitaria?<\/td>\n<\/tr>\n<tr>\n<td width=\"73\">5<\/td>\n<td width=\"576\">An\u00e1lisis de carreras buscando en la web<\/td>\n<\/tr>\n<tr>\n<td width=\"73\">6<\/td>\n<td width=\"576\">Aula Socr\u00e1tica<\/td>\n<\/tr>\n<tr>\n<td width=\"73\">7<\/td>\n<td width=\"576\">Mi personaje Favorito I<\/td>\n<\/tr>\n<tr>\n<td width=\"73\">8<\/td>\n<td width=\"576\">Mi personaje Favorito II<\/td>\n<\/tr>\n<tr>\n<td width=\"73\">9<\/td>\n<td width=\"576\">Nuestra ciudad Imaginaria<\/td>\n<\/tr>\n<tr>\n<td width=\"73\">10<\/td>\n<td width=\"576\">En algunos a\u00f1os m\u00e1s<\/td>\n<\/tr>\n<tr>\n<td width=\"73\">11<\/td>\n<td width=\"576\">Perspectiva<\/td>\n<\/tr>\n<\/tbody>\n<\/table>\n<p><strong>&nbsp;<\/strong><\/p>\n<p><strong>I Medio<\/strong><\/p>\n<p>Aplicaci\u00f3n de 11 fichas centradas en autoconocimiento, relevancia del NEM, autoeficacia y exploraci\u00f3n de proyecto de vida.&nbsp;<\/p>\n<table>\n<tbody>\n<tr>\n<td width=\"73\">Sesi\u00f3n<\/td>\n<td width=\"369\">T\u00edtulo<\/td>\n<\/tr>\n<tr>\n<td width=\"73\">1<\/td>\n<td width=\"369\">Autobiograf\u00eda<\/td>\n<\/tr>\n<tr>\n<td width=\"73\">2<\/td>\n<td width=\"369\">Autoconcepto<\/td>\n<\/tr>\n<tr>\n<td width=\"73\">3<\/td>\n<td width=\"369\">La importancia de mis notas<\/td>\n<\/tr>\n<tr>\n<td width=\"73\">4<\/td>\n<td width=\"369\">T\u00e9cnicas para afrontar con \u00e9xito las pruebas<\/td>\n<\/tr>\n<tr>\n<td width=\"73\">5<\/td>\n<td width=\"369\">Mis sue\u00f1os<\/td>\n<\/tr>\n<tr>\n<td width=\"73\">6<\/td>\n<td width=\"369\">\u00bfCu\u00e1les son mis intereses?<\/td>\n<\/tr>\n<tr>\n<td width=\"73\">7<\/td>\n<td width=\"369\">\u00bfMis sue\u00f1os son posibles?<\/td>\n<\/tr>\n<tr>\n<td width=\"73\">8<\/td>\n<td width=\"369\">\u00bfQu\u00e9 significa ser proactivo?<\/td>\n<\/tr>\n<tr>\n<td width=\"73\">9<\/td>\n<td width=\"369\">Pel\u00edcula: Camino a Harvard<\/td>\n<\/tr>\n<tr>\n<td width=\"73\">10<\/td>\n<td width=\"369\">Pel\u00edcula: Camino a Harvard<\/td>\n<\/tr>\n<tr>\n<td width=\"73\">11<\/td>\n<td width=\"369\">Reflexionando sobre la pel\u00edcula<\/td>\n<\/tr>\n<\/tbody>\n<\/table>\n<p><strong>&nbsp;<\/strong><\/p>\n<p><strong>II Medio<\/strong><\/p>\n<p>Aplicaci\u00f3n de 11 fichas centradas en autoconocimiento, conocimiento de conceptos claves sobre el ingreso a carreras universitarias, autoeficacia y autocuidado.<\/p>\n<table>\n<tbody>\n<tr>\n<td>Sesi\u00f3n<\/td>\n<td>T\u00edtulo<\/td>\n<\/tr>\n<tr>\n<td>1<\/td>\n<td>\u00bfC\u00f3mo influencian mis valores en mis futuras decisiones?<\/td>\n<\/tr>\n<tr>\n<td>2<\/td>\n<td>Relaci\u00f3n entre mis intereses y las elecciones de mi futuro<\/td>\n<\/tr>\n<tr>\n<td>3<\/td>\n<td>\u00bfDe qu\u00e9 depende la elecci\u00f3n de mi futuro?<\/td>\n<\/tr>\n<tr>\n<td>4<\/td>\n<td>Profesiograma I<\/td>\n<\/tr>\n<tr>\n<td>5<\/td>\n<td>Profesiograma II<\/td>\n<\/tr>\n<tr>\n<td>6<\/td>\n<td>Diccionario Universitario<\/td>\n<\/tr>\n<tr>\n<td>7<\/td>\n<td>Fuera el Stress I<\/td>\n<\/tr>\n<tr>\n<td>8<\/td>\n<td>Fuera el Stress II<\/td>\n<\/tr>\n<tr>\n<td>9<\/td>\n<td>Autobiograf\u00eda<\/td>\n<\/tr>\n<tr>\n<td>10<\/td>\n<td>Mis expectativas de los pr\u00f3ximos a\u00f1os escolares<\/td>\n<\/tr>\n<tr>\n<td>11<\/td>\n<td>Cerrando mi ciclo<\/td>\n<\/tr>\n<\/tbody>\n<\/table>\n<p><strong>&nbsp;<\/strong><\/p>\n<p><strong>&nbsp;<\/strong><\/p>\n<p><strong>&nbsp;<\/strong><\/p>\n<p><strong>Charlas y test<\/strong><\/p>\n<p>El programa de orientaci\u00f3n ejecutado durante la hora de orientaci\u00f3n se complementa con charlas focalizadas sobre temas espec\u00edficos y aplicaci\u00f3n de test de autoconocimiento ejecutados tanto por entidades externas como por profesionales del colegio.<\/p>\n<p><strong>II Medio<\/strong><\/p>\n<table style=\"height: 414px;\" width=\"469\">\n<tbody>\n<tr>\n<td width=\"100%\">Charla Electividad III Medio<\/td>\n<\/tr>\n<tr>\n<td width=\"100%\">Test I.H.E. (Habitos de Estudio)<\/td>\n<\/tr>\n<tr>\n<td width=\"100%\">Feria Interna Diferenciados<\/td>\n<\/tr>\n<tr>\n<td width=\"100%\">Test TIE (Intereses Electividad)<\/td>\n<\/tr>\n<tr>\n<td width=\"100%\">Charla: \u201cRanking\/Acreditaci\u00f3n\u201d<\/td>\n<\/tr>\n<tr>\n<td width=\"100%\">Firma Acta Diferenciados<\/td>\n<\/tr>\n<\/tbody>\n<\/table>\n<p><strong>&nbsp;<\/strong><\/p>\n<p><strong>III Medio<\/strong><\/p>\n<table style=\"height: 324px;\" width=\"466\">\n<tbody>\n<tr>\n<td width=\"100%\">NEM, PSU y Ranking\/Potenciar el estudio para PSU&nbsp;<\/td>\n<\/tr>\n<tr>\n<td width=\"100%\">Test Kuder<\/td>\n<\/tr>\n<tr>\n<td width=\"100%\">Charla Ranking\/Acreditaci\u00f3n<\/td>\n<\/tr>\n<tr>\n<td width=\"100%\">Ejercicio Nomina Preeliminar Carreras<\/td>\n<\/tr>\n<tr>\n<td width=\"100%\">Test Electr\u00f3nico Vocacional<\/td>\n<\/tr>\n<\/tbody>\n<\/table>\n<p><strong>&nbsp;<\/strong><\/p>\n<p><strong>IV Medio<\/strong><\/p>\n<table style=\"height: 586px;\" width=\"465\">\n<tbody>\n<tr>\n<td width=\"100%\">Financiamiento Educaci\u00f3n superior&nbsp;&nbsp;&nbsp;&nbsp;&nbsp;<\/td>\n<\/tr>\n<tr>\n<td width=\"100%\">El mundo de las Carreras\/Empleabilidad<\/td>\n<\/tr>\n<tr>\n<td width=\"100%\">Sistema \u00fanico de Admisi\u00f3n<\/td>\n<\/tr>\n<tr>\n<td width=\"100%\">Test Kuder<\/td>\n<\/tr>\n<tr>\n<td width=\"100%\">Test Electr\u00f3nico Vocacional<\/td>\n<\/tr>\n<tr>\n<td width=\"100%\">Ejercicio Nomina Preeliminar Carreras<\/td>\n<\/tr>\n<tr>\n<td width=\"100%\">Visita Feria SIAD<\/td>\n<\/tr>\n<tr>\n<td width=\"100%\">Charlas Becas y Cr\u00e9ditos<\/td>\n<\/tr>\n<tr>\n<td width=\"100%\">Manejo Ansiedad<\/td>\n<\/tr>\n<tr>\n<td width=\"100%\">Charla Postulaciones<\/td>\n<\/tr>\n<\/tbody>\n<\/table>\n<p>&nbsp;<\/p>\n<p>&nbsp;<\/p>\n<p>&nbsp;<\/p>\n","protected":false},"excerpt":{"rendered":"<p>Acompa\u00f1ando el trabajo de fichas de Proyecto Vital de nuestro programa sello Dimensiones Formativas, se aplicar\u00e1 un material especialmente dise\u00f1ado desde 7\u00ba b\u00e1sico y hasta 2\u00ba medio, con el fin de que nuestros estudiantes puedan [&hellip;]<\/p>\n","protected":false},"author":2,"featured_media":0,"parent":0,"menu_order":0,"comment_status":"closed","ping_status":"closed","template":"","meta":{"ngg_post_thumbnail":0},"jetpack_sharing_enabled":true,"jetpack_shortlink":"https:\/\/wp.me\/P73X2C-Rh","_links":{"self":[{"href":"https:\/\/www.colegionahuelcura.cl\/index.php?rest_route=\/wp\/v2\/pages\/3303"}],"collection":[{"href":"https:\/\/www.colegionahuelcura.cl\/index.php?rest_route=\/wp\/v2\/pages"}],"about":[{"href":"https:\/\/www.colegionahuelcura.cl\/index.php?rest_route=\/wp\/v2\/types\/page"}],"author":[{"embeddable":true,"href":"https:\/\/www.colegionahuelcura.cl\/index.php?rest_route=\/wp\/v2\/users\/2"}],"replies":[{"embeddable":true,"href":"https:\/\/www.colegionahuelcura.cl\/index.php?rest_route=%2Fwp%2Fv2%2Fcomments&post=3303"}],"version-history":[{"count":1,"href":"https:\/\/www.colegionahuelcura.cl\/index.php?rest_route=\/wp\/v2\/pages\/3303\/revisions"}],"predecessor-version":[{"id":3304,"href":"https:\/\/www.colegionahuelcura.cl\/index.php?rest_route=\/wp\/v2\/pages\/3303\/revisions\/3304"}],"wp:attachment":[{"href":"https:\/\/www.colegionahuelcura.cl\/index.php?rest_route=%2Fwp%2Fv2%2Fmedia&parent=3303"}],"curies":[{"name":"wp","href":"https:\/\/api.w.org\/{rel}","templated":true}]}}